{"id":19624,"date":"2023-10-07T18:36:57","date_gmt":"2023-10-07T17:36:57","guid":{"rendered":"https:\/\/lyonelkaufmann.ch\/histoire\/homepage\/"},"modified":"2023-10-12T12:49:14","modified_gmt":"2023-10-12T11:49:14","slug":"accueil-2","status":"publish","type":"page","link":"https:\/\/lyonelkaufmann.ch\/histoire\/","title":{"rendered":"Accueil"},"content":{"rendered":"<section class=\"gb-block-post-grid featuredpost aligncenter button-more-link\"><h2 class=\"gb-post-grid-section-title\">A la une<\/h2><div class=\"gb-post-grid-items is-grid columns-1\"><article id=\"post-20608\" class=\"gb-post-grid-item post-20608 post type-post status-publish format-standard has-post-thumbnail category-histoire-savante category-opinionsreflexions entry\"><div class=\"gb-block-post-grid-image\"><a href=\"https:\/\/lyonelkaufmann.ch\/histoire\/2026\/04\/02\/entre-temps-imaginer-au-moyen-age-avec-francesco-montorsi\/\" rel=\"bookmark\" aria-hidden=\"true\" tabindex=\"-1\"><img data-recalc-dims=\"1\" loading=\"lazy\" decoding=\"async\" width=\"1707\" height=\"2560\" src=\"https:\/\/i0.wp.com\/lyonelkaufmann.ch\/histoire\/wp-content\/uploads\/2026\/04\/pexels-ahmetmert-32311827-scaled.jpg?resize=1707%2C2560&#038;ssl=1\" class=\"attachment-large-featured size-large-featured\" alt=\"\" srcset=\"https:\/\/i0.wp.com\/lyonelkaufmann.ch\/histoire\/wp-content\/uploads\/2026\/04\/pexels-ahmetmert-32311827-scaled.jpg?w=1707&amp;ssl=1 1707w, https:\/\/i0.wp.com\/lyonelkaufmann.ch\/histoire\/wp-content\/uploads\/2026\/04\/pexels-ahmetmert-32311827-scaled.jpg?resize=200%2C300&amp;ssl=1 200w, https:\/\/i0.wp.com\/lyonelkaufmann.ch\/histoire\/wp-content\/uploads\/2026\/04\/pexels-ahmetmert-32311827-scaled.jpg?resize=700%2C1050&amp;ssl=1 700w, https:\/\/i0.wp.com\/lyonelkaufmann.ch\/histoire\/wp-content\/uploads\/2026\/04\/pexels-ahmetmert-32311827-scaled.jpg?resize=768%2C1152&amp;ssl=1 768w, https:\/\/i0.wp.com\/lyonelkaufmann.ch\/histoire\/wp-content\/uploads\/2026\/04\/pexels-ahmetmert-32311827-scaled.jpg?resize=1024%2C1536&amp;ssl=1 1024w, https:\/\/i0.wp.com\/lyonelkaufmann.ch\/histoire\/wp-content\/uploads\/2026\/04\/pexels-ahmetmert-32311827-scaled.jpg?resize=1365%2C2048&amp;ssl=1 1365w\" sizes=\"auto, (max-width: 1000px) 100vw, 1000px\" data-attachment-id=\"20609\" data-permalink=\"https:\/\/lyonelkaufmann.ch\/histoire\/2026\/04\/02\/entre-temps-imaginer-au-moyen-age-avec-francesco-montorsi\/pexels-ahmetmert-32311827\/\" data-orig-file=\"https:\/\/i0.wp.com\/lyonelkaufmann.ch\/histoire\/wp-content\/uploads\/2026\/04\/pexels-ahmetmert-32311827-scaled.jpg?fit=1707%2C2560&amp;ssl=1\" data-orig-size=\"1707,2560\" data-comments-opened=\"1\" data-image-meta=\"{&quot;aperture&quot;:&quot;0&quot;,&quot;credit&quot;:&quot;&quot;,&quot;camera&quot;:&quot;&quot;,&quot;caption&quot;:&quot;&quot;,&quot;created_timestamp&quot;:&quot;0&quot;,&quot;copyright&quot;:&quot;&quot;,&quot;focal_length&quot;:&quot;0&quot;,&quot;iso&quot;:&quot;0&quot;,&quot;shutter_speed&quot;:&quot;0&quot;,&quot;title&quot;:&quot;&quot;,&quot;orientation&quot;:&quot;0&quot;}\" data-image-title=\"pexels-ahmetmert-32311827\" data-image-description=\"\" data-image-caption=\"\" data-large-file=\"https:\/\/i0.wp.com\/lyonelkaufmann.ch\/histoire\/wp-content\/uploads\/2026\/04\/pexels-ahmetmert-32311827-scaled.jpg?fit=700%2C1050&amp;ssl=1\" \/><\/a><\/div><div class=\"gb-block-post-grid-text\"><header class=\"gb-block-post-grid-header\"><h3 class=\"gb-block-post-grid-title\"><a href=\"https:\/\/lyonelkaufmann.ch\/histoire\/2026\/04\/02\/entre-temps-imaginer-au-moyen-age-avec-francesco-montorsi\/\" rel=\"bookmark\">Entre-temps : Imaginer au Moyen \u00c2ge avec Francesco Montorsi<\/a><\/h3><div class=\"gb-block-post-grid-byline\"><div class=\"gb-block-post-grid-author\" itemprop=\"author\" itemtype=\"https:\/\/schema.org\/Person\"><a class=\"gb-text-link\" href=\"https:\/\/lyonelkaufmann.ch\/histoire\/author\/lyonelk\/\" itemprop=\"url\" rel=\"author\"><span itemprop=\"name\">Lyonel Kaufmann<\/span><\/a><\/div><time datetime=\"2026-04-02T10:00:00+01:00\" class=\"gb-block-post-grid-date\" itemprop=\"datePublished\">2 avril 2026<\/time><\/div><\/header><div class=\"gb-block-post-grid-excerpt\"><p>Chaque mois dans les Entre-vues, Entre-Temps \u00e9change avec une ou un invit\u00e9\u2022e pour discuter et d\u00e9battre d\u2019un ouvrage, d\u2019un travail en cours, d\u2019une \u0153uvre en g\u00e9n\u00e9ral, de la fa\u00e7on dont on fait vivre l\u2019histoire. Tourn\u00e9es dans les studios de la Fondation Hugot, les Entre-vues sont r\u00e9alis\u00e9es gr\u00e2ce \u00e0 son soutien et \u00e0 celui de la Fondation du Coll\u00e8ge de France. https:\/\/youtu.be\/hro1cOKSXww?si=KTj3YT7a9S4_tZL3 Dans cette nouvelle livr\u00e9e, Entre-vues, re\u00e7oit Francesco Montorsi, sp\u00e9cialiste de litt\u00e9rature du bas Moyen \u00c2ge et de la Renaissance. Avec \u00c9lisabeth Schmit, il plonge dans l&rsquo;imaginaire m\u00e9di\u00e9val, pour s&rsquo;arr\u00eater face \u00e0 la l\u00e9gende arthurienne, et \u00e0 sa force d&rsquo;inspiration persistante. Au XVe si\u00e8cle, tournois, blasons, compilations de textes et d&rsquo;images sont autant de pratiques et d&rsquo;objets qui dessinent les contours d&rsquo;un id\u00e9al politique. Ce contenu ne devrait pas manque d&rsquo;int\u00e9resser les enseignants d&rsquo;histoire qui abordent le Moyen-\u00c2ge au travers la l\u00e9gende arthurienne. Source de l&rsquo;image d&rsquo;en-t\u00eate : Femme Mystique\u2026<\/p>\n<p><a class=\"gb-block-post-grid-more-link gb-text-link\" href=\"https:\/\/lyonelkaufmann.ch\/histoire\/2026\/04\/02\/entre-temps-imaginer-au-moyen-age-avec-francesco-montorsi\/\" rel=\"bookmark\">Lire la suite\u2026 <span class=\"screen-reader-text\">Entre-temps : Imaginer au Moyen \u00c2ge avec Francesco Montorsi<\/span><\/a><\/p><\/div><\/div><\/article>\n<\/div><\/section>\n\n<section class=\"gb-block-post-grid featuredpost aligncenter button-more-link\"><h2 class=\"gb-post-grid-section-title\">Eclairage<\/h2><div class=\"gb-post-grid-items is-grid columns-2\"><article id=\"post-20566\" class=\"gb-post-grid-item post-20566 post type-post status-publish format-standard has-post-thumbnail category-nouvelles-de-lhistoire entry\"><div class=\"gb-block-post-grid-image\"><a href=\"https:\/\/lyonelkaufmann.ch\/histoire\/2026\/03\/02\/conference-racisme-et-haute-ecole-continuites-historiques-et-strategies-antiracistes-berne-27-03-2026\/\" rel=\"bookmark\" aria-hidden=\"true\" tabindex=\"-1\"><img data-recalc-dims=\"1\" loading=\"lazy\" decoding=\"async\" width=\"630\" height=\"208\" src=\"https:\/\/i0.wp.com\/lyonelkaufmann.ch\/histoire\/wp-content\/uploads\/2026\/02\/unnamed.png?resize=630%2C208&#038;ssl=1\" class=\"attachment-medium-featured size-medium-featured\" alt=\"\" data-attachment-id=\"20567\" data-permalink=\"https:\/\/lyonelkaufmann.ch\/histoire\/2026\/03\/02\/conference-racisme-et-haute-ecole-continuites-historiques-et-strategies-antiracistes-berne-27-03-2026\/unnamed\/\" data-orig-file=\"https:\/\/i0.wp.com\/lyonelkaufmann.ch\/histoire\/wp-content\/uploads\/2026\/02\/unnamed.png?fit=832%2C208&amp;ssl=1\" data-orig-size=\"832,208\" data-comments-opened=\"1\" data-image-meta=\"{&quot;aperture&quot;:&quot;0&quot;,&quot;credit&quot;:&quot;&quot;,&quot;camera&quot;:&quot;&quot;,&quot;caption&quot;:&quot;&quot;,&quot;created_timestamp&quot;:&quot;0&quot;,&quot;copyright&quot;:&quot;&quot;,&quot;focal_length&quot;:&quot;0&quot;,&quot;iso&quot;:&quot;0&quot;,&quot;shutter_speed&quot;:&quot;0&quot;,&quot;title&quot;:&quot;&quot;,&quot;orientation&quot;:&quot;0&quot;}\" data-image-title=\"unnamed\" data-image-description=\"\" data-image-caption=\"\" data-large-file=\"https:\/\/i0.wp.com\/lyonelkaufmann.ch\/histoire\/wp-content\/uploads\/2026\/02\/unnamed.png?fit=700%2C175&amp;ssl=1\" \/><\/a><\/div><div class=\"gb-block-post-grid-text\"><header class=\"gb-block-post-grid-header\"><h3 class=\"gb-block-post-grid-title\"><a href=\"https:\/\/lyonelkaufmann.ch\/histoire\/2026\/03\/02\/conference-racisme-et-haute-ecole-continuites-historiques-et-strategies-antiracistes-berne-27-03-2026\/\" rel=\"bookmark\">Conf\u00e9rence : Racisme et haute \u00e9cole : continuit\u00e9s historiques et strat\u00e9gies antiracistes. Berne (27.03.2026)<\/a><\/h3><div class=\"gb-block-post-grid-byline\"><div class=\"gb-block-post-grid-author\" itemprop=\"author\" itemtype=\"https:\/\/schema.org\/Person\"><a class=\"gb-text-link\" href=\"https:\/\/lyonelkaufmann.ch\/histoire\/author\/lyonelk\/\" itemprop=\"url\" rel=\"author\"><span itemprop=\"name\">Lyonel Kaufmann<\/span><\/a><\/div><time datetime=\"2026-03-02T09:00:00+01:00\" class=\"gb-block-post-grid-date\" itemprop=\"datePublished\">2 mars 2026<\/time><\/div><\/header><div class=\"gb-block-post-grid-excerpt\"><p>Perspectives antiracistes sur la production de savoir Le 27 mars 2026 de 9h00 \u00e0 19h00, l\u2019Universit\u00e9 de Berne accueillera en ses murs la conf\u00e9rence Racisme et haute \u00e9cole\u2026<\/p>\n<p><a class=\"gb-block-post-grid-more-link gb-text-link\" href=\"https:\/\/lyonelkaufmann.ch\/histoire\/2026\/03\/02\/conference-racisme-et-haute-ecole-continuites-historiques-et-strategies-antiracistes-berne-27-03-2026\/\" rel=\"bookmark\">Lire la suite\u2026 <span class=\"screen-reader-text\">Conf\u00e9rence : Racisme et haute \u00e9cole : continuit\u00e9s historiques et strat\u00e9gies antiracistes. Berne (27.03.2026)<\/span><\/a><\/p><\/div><\/div><\/article>\n<article id=\"post-20551\" class=\"gb-post-grid-item post-20551 post type-post status-publish format-standard has-post-thumbnail category-histoire-active category-histoire-savante category-opinionsreflexions category-outils-enseignement entry\"><div class=\"gb-block-post-grid-image\"><a href=\"https:\/\/lyonelkaufmann.ch\/histoire\/2026\/02\/26\/latenium-exposition-lile-de-sable-04-10-2025-10-01-2027\/\" rel=\"bookmark\" aria-hidden=\"true\" tabindex=\"-1\"><img data-recalc-dims=\"1\" loading=\"lazy\" decoding=\"async\" width=\"630\" height=\"350\" src=\"https:\/\/i0.wp.com\/lyonelkaufmann.ch\/histoire\/wp-content\/uploads\/2026\/02\/GPE-0021718-1920x1440-1.jpg?resize=630%2C350&#038;ssl=1\" class=\"attachment-medium-featured size-medium-featured\" alt=\"\" srcset=\"https:\/\/i0.wp.com\/lyonelkaufmann.ch\/histoire\/wp-content\/uploads\/2026\/02\/GPE-0021718-1920x1440-1.jpg?resize=630%2C350&amp;ssl=1 630w, https:\/\/i0.wp.com\/lyonelkaufmann.ch\/histoire\/wp-content\/uploads\/2026\/02\/GPE-0021718-1920x1440-1.jpg?zoom=2&amp;resize=630%2C350&amp;ssl=1 1260w, https:\/\/i0.wp.com\/lyonelkaufmann.ch\/histoire\/wp-content\/uploads\/2026\/02\/GPE-0021718-1920x1440-1.jpg?zoom=3&amp;resize=630%2C350&amp;ssl=1 1890w\" sizes=\"auto, (max-width: 630px) 100vw, 630px\" data-attachment-id=\"20554\" data-permalink=\"https:\/\/lyonelkaufmann.ch\/histoire\/2026\/02\/26\/latenium-exposition-lile-de-sable-04-10-2025-10-01-2027\/latenium-expo-lile-de-sable\/\" data-orig-file=\"https:\/\/i0.wp.com\/lyonelkaufmann.ch\/histoire\/wp-content\/uploads\/2026\/02\/GPE-0021718-1920x1440-1.jpg?fit=1920%2C1440&amp;ssl=1\" data-orig-size=\"1920,1440\" data-comments-opened=\"1\" data-image-meta=\"{&quot;aperture&quot;:&quot;0&quot;,&quot;credit&quot;:&quot;&quot;,&quot;camera&quot;:&quot;&quot;,&quot;caption&quot;:&quot;&quot;,&quot;created_timestamp&quot;:&quot;0&quot;,&quot;copyright&quot;:&quot;\\u00a9 Guillaume Perret&quot;,&quot;focal_length&quot;:&quot;0&quot;,&quot;iso&quot;:&quot;0&quot;,&quot;shutter_speed&quot;:&quot;0&quot;,&quot;title&quot;:&quot;Latenium - expo L&#039;ile de sable&quot;,&quot;orientation&quot;:&quot;0&quot;}\" data-image-title=\"Latenium &amp;#8211; expo L&amp;rsquo;ile de sable\" data-image-description=\"\" data-image-caption=\"\" data-large-file=\"https:\/\/i0.wp.com\/lyonelkaufmann.ch\/histoire\/wp-content\/uploads\/2026\/02\/GPE-0021718-1920x1440-1.jpg?fit=700%2C525&amp;ssl=1\" \/><\/a><\/div><div class=\"gb-block-post-grid-text\"><header class=\"gb-block-post-grid-header\"><h3 class=\"gb-block-post-grid-title\"><a href=\"https:\/\/lyonelkaufmann.ch\/histoire\/2026\/02\/26\/latenium-exposition-lile-de-sable-04-10-2025-10-01-2027\/\" rel=\"bookmark\">Lat\u00e9nium : Exposition L&rsquo;\u00eele de sable (04.10.2025-10.01.2027)<\/a><\/h3><div class=\"gb-block-post-grid-byline\"><div class=\"gb-block-post-grid-author\" itemprop=\"author\" itemtype=\"https:\/\/schema.org\/Person\"><a class=\"gb-text-link\" href=\"https:\/\/lyonelkaufmann.ch\/histoire\/author\/lyonelk\/\" itemprop=\"url\" rel=\"author\"><span itemprop=\"name\">Lyonel Kaufmann<\/span><\/a><\/div><time datetime=\"2026-02-26T10:56:41+01:00\" class=\"gb-block-post-grid-date\" itemprop=\"datePublished\">26 f\u00e9vrier 2026<\/time><\/div><\/header><div class=\"gb-block-post-grid-excerpt\"><p>L\u2019exposition L\u2019\u00eele de Sable au Lat\u00e9nium de Neuch\u00e2tel plonge au c\u0153ur de la p\u00e9riode coloniale et pr\u00e9sente de quelle mani\u00e8re l\u2019arch\u00e9ologie permet d\u2019\u00e9tudier la th\u00e9matique de la traite\u2026<\/p>\n<p><a class=\"gb-block-post-grid-more-link gb-text-link\" href=\"https:\/\/lyonelkaufmann.ch\/histoire\/2026\/02\/26\/latenium-exposition-lile-de-sable-04-10-2025-10-01-2027\/\" rel=\"bookmark\">Lire la suite\u2026 <span class=\"screen-reader-text\">Lat\u00e9nium : Exposition L&rsquo;\u00eele de sable (04.10.2025-10.01.2027)<\/span><\/a><\/p><\/div><\/div><\/article>\n<\/div><\/section>\n\n<section class=\"gb-block-post-grid featuredpost aligncenter\"><h2 class=\"gb-post-grid-section-title\">Explore<\/h2><div class=\"gb-post-grid-items is-list\"><article id=\"post-20562\" class=\"gb-post-grid-item post-20562 post type-post status-publish format-standard has-post-thumbnail category-histoire-active category-histoire-savante category-nouvelles-de-lhistoire category-opinionsreflexions entry\"><div class=\"gb-block-post-grid-image\"><a href=\"https:\/\/lyonelkaufmann.ch\/histoire\/2026\/02\/24\/table-ronde-sappuyer-sur-le-passe-pour-former-les-professionnel%c2%b7l%c2%b7es-de-demain-hotel-de-ville-de-lausanne-12-03-2026\/\" rel=\"bookmark\" aria-hidden=\"true\" tabindex=\"-1\"><img data-recalc-dims=\"1\" loading=\"lazy\" decoding=\"async\" width=\"630\" height=\"350\" src=\"https:\/\/i0.wp.com\/lyonelkaufmann.ch\/histoire\/wp-content\/uploads\/2026\/02\/sappuyer-sur-le-passe-pour-former-les-professio-px6y8q.webp?resize=630%2C350&#038;ssl=1\" class=\"attachment-medium-featured size-medium-featured\" alt=\"\" srcset=\"https:\/\/i0.wp.com\/lyonelkaufmann.ch\/histoire\/wp-content\/uploads\/2026\/02\/sappuyer-sur-le-passe-pour-former-les-professio-px6y8q.webp?resize=630%2C350&amp;ssl=1 630w, https:\/\/i0.wp.com\/lyonelkaufmann.ch\/histoire\/wp-content\/uploads\/2026\/02\/sappuyer-sur-le-passe-pour-former-les-professio-px6y8q.webp?resize=300%2C167&amp;ssl=1 300w, https:\/\/i0.wp.com\/lyonelkaufmann.ch\/histoire\/wp-content\/uploads\/2026\/02\/sappuyer-sur-le-passe-pour-former-les-professio-px6y8q.webp?resize=700%2C390&amp;ssl=1 700w, https:\/\/i0.wp.com\/lyonelkaufmann.ch\/histoire\/wp-content\/uploads\/2026\/02\/sappuyer-sur-le-passe-pour-former-les-professio-px6y8q.webp?resize=768%2C428&amp;ssl=1 768w, https:\/\/i0.wp.com\/lyonelkaufmann.ch\/histoire\/wp-content\/uploads\/2026\/02\/sappuyer-sur-le-passe-pour-former-les-professio-px6y8q.webp?resize=1536%2C855&amp;ssl=1 1536w, https:\/\/i0.wp.com\/lyonelkaufmann.ch\/histoire\/wp-content\/uploads\/2026\/02\/sappuyer-sur-le-passe-pour-former-les-professio-px6y8q.webp?w=1936&amp;ssl=1 1936w\" sizes=\"auto, (max-width: 630px) 100vw, 630px\" data-attachment-id=\"20563\" data-permalink=\"https:\/\/lyonelkaufmann.ch\/histoire\/2026\/02\/24\/table-ronde-sappuyer-sur-le-passe-pour-former-les-professionnel%c2%b7l%c2%b7es-de-demain-hotel-de-ville-de-lausanne-12-03-2026\/sappuyer-sur-le-passe-pour-former-les-professio-px6y8q\/\" data-orig-file=\"https:\/\/i0.wp.com\/lyonelkaufmann.ch\/histoire\/wp-content\/uploads\/2026\/02\/sappuyer-sur-le-passe-pour-former-les-professio-px6y8q.webp?fit=1936%2C1078&amp;ssl=1\" data-orig-size=\"1936,1078\" data-comments-opened=\"1\" data-image-meta=\"{&quot;aperture&quot;:&quot;0&quot;,&quot;credit&quot;:&quot;&quot;,&quot;camera&quot;:&quot;&quot;,&quot;caption&quot;:&quot;&quot;,&quot;created_timestamp&quot;:&quot;0&quot;,&quot;copyright&quot;:&quot;&quot;,&quot;focal_length&quot;:&quot;0&quot;,&quot;iso&quot;:&quot;0&quot;,&quot;shutter_speed&quot;:&quot;0&quot;,&quot;title&quot;:&quot;&quot;,&quot;orientation&quot;:&quot;0&quot;}\" data-image-title=\"sappuyer-sur-le-passe-pour-former-les-professio-px6y8q\" data-image-description=\"\" data-image-caption=\"\" data-large-file=\"https:\/\/i0.wp.com\/lyonelkaufmann.ch\/histoire\/wp-content\/uploads\/2026\/02\/sappuyer-sur-le-passe-pour-former-les-professio-px6y8q.webp?fit=700%2C390&amp;ssl=1\" \/><\/a><\/div><div class=\"gb-block-post-grid-text\"><header class=\"gb-block-post-grid-header\"><h4 class=\"gb-block-post-grid-title\"><a href=\"https:\/\/lyonelkaufmann.ch\/histoire\/2026\/02\/24\/table-ronde-sappuyer-sur-le-passe-pour-former-les-professionnel%c2%b7l%c2%b7es-de-demain-hotel-de-ville-de-lausanne-12-03-2026\/\" rel=\"bookmark\">Table ronde : S&rsquo;appuyer sur le pass\u00e9 pour former les professionnel\u00b7l\u00b7es de demain &#8211; H\u00f4tel de ville de Lausanne (12.03.2026)<\/a><\/h4><div class=\"gb-block-post-grid-byline\"><time datetime=\"2026-02-24T13:31:24+01:00\" class=\"gb-block-post-grid-date\" itemprop=\"datePublished\">24 f\u00e9vrier 2026<\/time><\/div><\/header><div class=\"gb-block-post-grid-excerpt\"><p>Plus jamais \u00e7a! C&rsquo;est ce que clament les victimes de mesures de coercition \u00e0 des fins d\u2019assistance. \u00a9 Femmes \u00e0 la fen\u00eatre [s.d.] Archives de l&rsquo;Etat de Fribourg, Fonds des Etablissements de Bellechasse, EB Div PDV 20 Cette table ronde r\u00e9unit 4 professeures de Hautes \u00e9coles du canton de Vaud autour de 2 questions : Comment le pass\u00e9 peut aider \u00e0 comprendre le pr\u00e9sent? Comment int\u00e9grer l\u2019histoire dans la formation des professionnelles et professionnels de demain? En lien avec l&rsquo;exposition \u00abPlac\u00e9s. Intern\u00e9s. Oubli\u00e9s. Histoire(s) des mesures de coercition \u00e0 des fins d&rsquo;assistance en Suisse\u00bb qui se tient jusqu&rsquo;au 15 mars au Mus\u00e9e historique de Lausanne. La table ronde r\u00e9unira les professeures des hautes \u00e9coles Carola Togni (HETSL), Cristina Ferreira (HESAV), Nadine Fink (HEP Vaud) et Emilie Bovet (HESAV). La table ronde se d\u00e9roulera le jeudi 12 mars 2026, de 18h00 \u00e0 19h30, \u00e0 l\u2019H\u00f4tel de Ville de Lausanne. L\u2019\u00e9v\u00e9nement est\u2026<\/p>\n<p><a class=\"gb-block-post-grid-more-link gb-text-link\" href=\"https:\/\/lyonelkaufmann.ch\/histoire\/2026\/02\/24\/table-ronde-sappuyer-sur-le-passe-pour-former-les-professionnel%c2%b7l%c2%b7es-de-demain-hotel-de-ville-de-lausanne-12-03-2026\/\" rel=\"bookmark\">Lire la suite\u2026 <span class=\"screen-reader-text\">Table ronde : S&rsquo;appuyer sur le pass\u00e9 pour former les professionnel\u00b7l\u00b7es de demain &#8211; H\u00f4tel de ville de Lausanne (12.03.2026)<\/span><\/a><\/p><\/div><\/div><\/article>\n<article id=\"post-20555\" class=\"gb-post-grid-item post-20555 post type-post status-publish format-standard has-post-thumbnail category-nouvelles-de-lhistoire entry\"><div class=\"gb-block-post-grid-image\"><a href=\"https:\/\/lyonelkaufmann.ch\/histoire\/2026\/02\/20\/appel-a-contribution-didactica-historica-n-13-2027-jusquau-16-mars-2026\/\" rel=\"bookmark\" aria-hidden=\"true\" tabindex=\"-1\"><img data-recalc-dims=\"1\" loading=\"lazy\" decoding=\"async\" width=\"630\" height=\"350\" src=\"https:\/\/i0.wp.com\/lyonelkaufmann.ch\/histoire\/wp-content\/uploads\/2026\/02\/generated-image.jpg?resize=630%2C350&#038;ssl=1\" class=\"attachment-medium-featured size-medium-featured\" alt=\"\" srcset=\"https:\/\/i0.wp.com\/lyonelkaufmann.ch\/histoire\/wp-content\/uploads\/2026\/02\/generated-image-scaled.jpg?resize=630%2C350&amp;ssl=1 630w, https:\/\/i0.wp.com\/lyonelkaufmann.ch\/histoire\/wp-content\/uploads\/2026\/02\/generated-image-scaled.jpg?zoom=2&amp;resize=630%2C350&amp;ssl=1 1260w, https:\/\/i0.wp.com\/lyonelkaufmann.ch\/histoire\/wp-content\/uploads\/2026\/02\/generated-image-scaled.jpg?zoom=3&amp;resize=630%2C350&amp;ssl=1 1890w\" sizes=\"auto, (max-width: 630px) 100vw, 630px\" data-attachment-id=\"20558\" data-permalink=\"https:\/\/lyonelkaufmann.ch\/histoire\/2026\/02\/20\/appel-a-contribution-didactica-historica-n-13-2027-jusquau-16-mars-2026\/generated-image\/\" data-orig-file=\"https:\/\/i0.wp.com\/lyonelkaufmann.ch\/histoire\/wp-content\/uploads\/2026\/02\/generated-image-scaled.jpg?fit=2560%2C1438&amp;ssl=1\" data-orig-size=\"2560,1438\" data-comments-opened=\"1\" data-image-meta=\"{&quot;aperture&quot;:&quot;0&quot;,&quot;credit&quot;:&quot;&quot;,&quot;camera&quot;:&quot;&quot;,&quot;caption&quot;:&quot;&quot;,&quot;created_timestamp&quot;:&quot;0&quot;,&quot;copyright&quot;:&quot;&quot;,&quot;focal_length&quot;:&quot;0&quot;,&quot;iso&quot;:&quot;0&quot;,&quot;shutter_speed&quot;:&quot;0&quot;,&quot;title&quot;:&quot;&quot;,&quot;orientation&quot;:&quot;0&quot;}\" data-image-title=\"generated-image\" data-image-description=\"\" data-image-caption=\"\" data-large-file=\"https:\/\/i0.wp.com\/lyonelkaufmann.ch\/histoire\/wp-content\/uploads\/2026\/02\/generated-image-scaled.jpg?fit=700%2C393&amp;ssl=1\" \/><\/a><\/div><div class=\"gb-block-post-grid-text\"><header class=\"gb-block-post-grid-header\"><h4 class=\"gb-block-post-grid-title\"><a href=\"https:\/\/lyonelkaufmann.ch\/histoire\/2026\/02\/20\/appel-a-contribution-didactica-historica-n-13-2027-jusquau-16-mars-2026\/\" rel=\"bookmark\">Appel \u00e0 contribution : Didactica Historica N\u00b013\/2027 (jusqu&rsquo;au 16 mars 2026)<\/a><\/h4><div class=\"gb-block-post-grid-byline\"><time datetime=\"2026-02-20T09:00:00+01:00\" class=\"gb-block-post-grid-date\" itemprop=\"datePublished\">20 f\u00e9vrier 2026<\/time><\/div><\/header><div class=\"gb-block-post-grid-excerpt\"><p>L\u2019appel \u00e0 contributions pour le treizi\u00e8me num\u00e9ro de la revue Didactica Historica est ouvert jusqu\u2019au 16 mars 2026. Le dossier \u00abhistoire\u00bb de ce treizi\u00e8me num\u00e9ro de la revue abordera le th\u00e8me de la magie, de la mani\u00e8re dont elle a \u00e9t\u00e9 per\u00e7ue et de ses d\u00e9clinaisons \u00e0 travers l\u2019histoire. Image g\u00e9n\u00e9r\u00e9e par perplexity.ai avec les termes histoire et magie et le texte de pr\u00e9sentation de la th\u00e9matique du num\u00e9ro (lire ci-dessous). La pr\u00e9sentation de la th\u00e9matique du num\u00e9ro par la revue \u00c0 premi\u00e8re vue, la magie para\u00eet associ\u00e9e \u00e0 l\u2019illusionnisme, \u00e0 la superstition ou \u00e0 la n\u00e9o-spiritualit\u00e9 et servir principalement \u00e0 divertir ou \u00e0 vivre des exp\u00e9riences personnelles. Terme polys\u00e9mique, li\u00e9 aux mondes occultes, la magie rev\u00eat quelque chose de sacr\u00e9 et de transcendant. Elle est aussi explication, apaisement, cat\u00e9gorisation en mati\u00e8re de ce qui est inexplicable, de ce qui suscite l\u2019\u00e9merveillement ou la peur. Ces qualit\u00e9s archa\u00efques et ces\u2026<\/p>\n<p><a class=\"gb-block-post-grid-more-link gb-text-link\" href=\"https:\/\/lyonelkaufmann.ch\/histoire\/2026\/02\/20\/appel-a-contribution-didactica-historica-n-13-2027-jusquau-16-mars-2026\/\" rel=\"bookmark\">Lire la suite\u2026 <span class=\"screen-reader-text\">Appel \u00e0 contribution : Didactica Historica N\u00b013\/2027 (jusqu&rsquo;au 16 mars 2026)<\/span><\/a><\/p><\/div><\/div><\/article>\n<article id=\"post-20545\" class=\"gb-post-grid-item post-20545 post type-post status-publish format-standard has-post-thumbnail category-histoire-active category-histoire-savante category-opinionsreflexions entry\"><div class=\"gb-block-post-grid-image\"><a href=\"https:\/\/lyonelkaufmann.ch\/histoire\/2026\/02\/19\/exposition-places-internes-oublies-musee-historique-de-lausanne-jusquau-15-mars-2026\/\" rel=\"bookmark\" aria-hidden=\"true\" tabindex=\"-1\"><img data-recalc-dims=\"1\" loading=\"lazy\" decoding=\"async\" width=\"310\" height=\"350\" src=\"https:\/\/i0.wp.com\/lyonelkaufmann.ch\/histoire\/wp-content\/uploads\/2026\/02\/FSZM_Poster_900x1300px_FR_1.2025-11-15-15-43-00.webp?resize=310%2C350&#038;ssl=1\" class=\"attachment-medium-featured size-medium-featured\" alt=\"\" data-attachment-id=\"20546\" data-permalink=\"https:\/\/lyonelkaufmann.ch\/histoire\/2026\/02\/19\/exposition-places-internes-oublies-musee-historique-de-lausanne-jusquau-15-mars-2026\/fszm_poster_900x1300px_fr_1-2025-11-15-15-43-00\/\" data-orig-file=\"https:\/\/i0.wp.com\/lyonelkaufmann.ch\/histoire\/wp-content\/uploads\/2026\/02\/FSZM_Poster_900x1300px_FR_1.2025-11-15-15-43-00.webp?fit=310%2C447&amp;ssl=1\" data-orig-size=\"310,447\" data-comments-opened=\"1\" data-image-meta=\"{&quot;aperture&quot;:&quot;0&quot;,&quot;credit&quot;:&quot;&quot;,&quot;camera&quot;:&quot;&quot;,&quot;caption&quot;:&quot;&quot;,&quot;created_timestamp&quot;:&quot;0&quot;,&quot;copyright&quot;:&quot;&quot;,&quot;focal_length&quot;:&quot;0&quot;,&quot;iso&quot;:&quot;0&quot;,&quot;shutter_speed&quot;:&quot;0&quot;,&quot;title&quot;:&quot;&quot;,&quot;orientation&quot;:&quot;0&quot;}\" data-image-title=\"FSZM_Poster_900x1300px_FR_1.2025-11-15-15-43-00\" data-image-description=\"\" data-image-caption=\"\" data-large-file=\"https:\/\/i0.wp.com\/lyonelkaufmann.ch\/histoire\/wp-content\/uploads\/2026\/02\/FSZM_Poster_900x1300px_FR_1.2025-11-15-15-43-00.webp?fit=310%2C447&amp;ssl=1\" \/><\/a><\/div><div class=\"gb-block-post-grid-text\"><header class=\"gb-block-post-grid-header\"><h4 class=\"gb-block-post-grid-title\"><a href=\"https:\/\/lyonelkaufmann.ch\/histoire\/2026\/02\/19\/exposition-places-internes-oublies-musee-historique-de-lausanne-jusquau-15-mars-2026\/\" rel=\"bookmark\">EXPOSITION : Plac\u00e9s, intern\u00e9s, oubli\u00e9s ? Mus\u00e9e Historique de Lausanne (jusqu&rsquo;au 15 mars 2026)<\/a><\/h4><div class=\"gb-block-post-grid-byline\"><time datetime=\"2026-02-19T10:51:58+01:00\" class=\"gb-block-post-grid-date\" itemprop=\"datePublished\">19 f\u00e9vrier 2026<\/time><\/div><\/header><div class=\"gb-block-post-grid-excerpt\"><p>Mise en place fin 2025, l\u2019exposition itin\u00e9rante Plac\u00e9s, intern\u00e9s, oubli\u00e9s ? peut encore \u00eatre d\u00e9couverte jusqu\u2019au 15 mars 2026 au Mus\u00e9e historique de Lausanne, avant qu\u2019elle ne soit d\u00e9plac\u00e9e au Museum Luzern, o\u00f9 elle sera alors ouverte au public de mai \u00e0 octobre 2026. Cette exposition aborde le th\u00e8me des enfants, adolescents et adultes victimes de mesures de coercition \u00e0 des fins d\u2019assistance et de placements extra-familiaux en Suisse. Les histoires de vie des personnes concern\u00e9es r\u00e9v\u00e8lent des cas de d\u00e9cisions arbitraires, d\u2019exploitation ou encore de violences inflig\u00e9es aux victimes. Cette page de l\u2019histoire sociale suisse a fait l\u2019objet d\u2019une \u00e9tude scientifique, et l\u2019exposition informe les visiteurs quant aux conclusions de cette derni\u00e8re. Elle s\u2019inscrit en outre dans le cadre du programme de la Conf\u00e9d\u00e9ration Se souvenir pour l\u2019avenir, et fait partie du travail de m\u00e9moire men\u00e9 par les autorit\u00e9s suisses. L\u2019exposition fait partie int\u00e9grante du travail de m\u00e9moire sur\u2026<\/p>\n<p><a class=\"gb-block-post-grid-more-link gb-text-link\" href=\"https:\/\/lyonelkaufmann.ch\/histoire\/2026\/02\/19\/exposition-places-internes-oublies-musee-historique-de-lausanne-jusquau-15-mars-2026\/\" rel=\"bookmark\">Lire la suite\u2026 <span class=\"screen-reader-text\">EXPOSITION : Plac\u00e9s, intern\u00e9s, oubli\u00e9s ? Mus\u00e9e Historique de Lausanne (jusqu&rsquo;au 15 mars 2026)<\/span><\/a><\/p><\/div><\/div><\/article>\n<article id=\"post-20522\" class=\"gb-post-grid-item post-20522 post type-post status-publish format-standard has-post-thumbnail category-histoire-savante category-nouvelles-de-lhistoire category-publications entry\"><div class=\"gb-block-post-grid-image\"><a href=\"https:\/\/lyonelkaufmann.ch\/histoire\/2026\/01\/30\/appel-a-propositions-living-books-about-history-infoclio-ch\/\" rel=\"bookmark\" aria-hidden=\"true\" tabindex=\"-1\"><img data-recalc-dims=\"1\" loading=\"lazy\" decoding=\"async\" width=\"239\" height=\"430\" src=\"https:\/\/i0.wp.com\/lyonelkaufmann.ch\/histoire\/wp-content\/uploads\/2026\/01\/Bildschirmfoto-2026-01-20-um-12.52.07.png?resize=239%2C430&#038;ssl=1\" class=\"attachment-medium-featured size-medium-featured\" alt=\"\" srcset=\"https:\/\/i0.wp.com\/lyonelkaufmann.ch\/histoire\/wp-content\/uploads\/2026\/01\/Bildschirmfoto-2026-01-20-um-12.52.07.png?w=239&amp;ssl=1 239w, https:\/\/i0.wp.com\/lyonelkaufmann.ch\/histoire\/wp-content\/uploads\/2026\/01\/Bildschirmfoto-2026-01-20-um-12.52.07.png?resize=167%2C300&amp;ssl=1 167w\" sizes=\"auto, (max-width: 239px) 100vw, 239px\" data-attachment-id=\"20524\" data-permalink=\"https:\/\/lyonelkaufmann.ch\/histoire\/2026\/01\/30\/appel-a-propositions-living-books-about-history-infoclio-ch\/bildschirmfoto-2026-01-20-um-12-52-07\/\" data-orig-file=\"https:\/\/i0.wp.com\/lyonelkaufmann.ch\/histoire\/wp-content\/uploads\/2026\/01\/Bildschirmfoto-2026-01-20-um-12.52.07.png?fit=239%2C430&amp;ssl=1\" data-orig-size=\"239,430\" data-comments-opened=\"1\" data-image-meta=\"{&quot;aperture&quot;:&quot;0&quot;,&quot;credit&quot;:&quot;&quot;,&quot;camera&quot;:&quot;&quot;,&quot;caption&quot;:&quot;&quot;,&quot;created_timestamp&quot;:&quot;0&quot;,&quot;copyright&quot;:&quot;&quot;,&quot;focal_length&quot;:&quot;0&quot;,&quot;iso&quot;:&quot;0&quot;,&quot;shutter_speed&quot;:&quot;0&quot;,&quot;title&quot;:&quot;&quot;,&quot;orientation&quot;:&quot;0&quot;}\" data-image-title=\"Bildschirmfoto 2026-01-20 um 12.52.07\" data-image-description=\"\" data-image-caption=\"\" data-large-file=\"https:\/\/i0.wp.com\/lyonelkaufmann.ch\/histoire\/wp-content\/uploads\/2026\/01\/Bildschirmfoto-2026-01-20-um-12.52.07.png?fit=239%2C430&amp;ssl=1\" \/><\/a><\/div><div class=\"gb-block-post-grid-text\"><header class=\"gb-block-post-grid-header\"><h4 class=\"gb-block-post-grid-title\"><a href=\"https:\/\/lyonelkaufmann.ch\/histoire\/2026\/01\/30\/appel-a-propositions-living-books-about-history-infoclio-ch\/\" rel=\"bookmark\">Appel \u00e0 propositions: Living Books about History | infoclio.ch<\/a><\/h4><div class=\"gb-block-post-grid-byline\"><time datetime=\"2026-01-30T14:06:07+01:00\" class=\"gb-block-post-grid-date\" itemprop=\"datePublished\">30 janvier 2026<\/time><\/div><\/header><div class=\"gb-block-post-grid-excerpt\"><p>Les Living Books about History sont une collection d\u2019anthologies num\u00e9riques sur des sujets de recherche actuels. Chaque volume est compos\u00e9 d\u2019un essai original r\u00e9dig\u00e9 par les \u00e9ditrices et \u00e9diteurs ainsi qu\u2019une s\u00e9lection comment\u00e9e de textes et ressources de recherche. Ces sources peuvent inclure des articles, images, vid\u00e9os, ressource en ligne ou enregistrements sonores, qui sont d\u00e9j\u00e0 disponibles en ligne ailleurs sur internet. Le projet propose une forme originale de publication scientifique qui exp\u00e9rimente les possibilit\u00e9s offertes par le support num\u00e9rique. Il r\u00e9actualise le mod\u00e8le de l\u2019anthologie, en rassemblant virtuellement des articles scientifiques et des sources. Les lectrices et les lecteurs sont en outre invit\u00e9s \u00e0 contribuer aux Living Books about History en sugg\u00e9rant des contributions, qui peuvent \u00eatre int\u00e9gr\u00e9es \u00e0 la table des mati\u00e8res apr\u00e8s validation. Les Living Books mettent en valeur des articles scientifiques et des sources dignes d\u2019int\u00e9r\u00eat ou injustement oubli\u00e9es sur des th\u00e8mes actuels. La s\u00e9lection r\u00e9alis\u00e9e\u2026<\/p>\n<p><a class=\"gb-block-post-grid-more-link gb-text-link\" href=\"https:\/\/lyonelkaufmann.ch\/histoire\/2026\/01\/30\/appel-a-propositions-living-books-about-history-infoclio-ch\/\" rel=\"bookmark\">Lire la suite\u2026 <span class=\"screen-reader-text\">Appel \u00e0 propositions: Living Books about History | infoclio.ch<\/span><\/a><\/p><\/div><\/div><\/article>\n<article id=\"post-20516\" class=\"gb-post-grid-item post-20516 post type-post status-publish format-standard has-post-thumbnail category-histoire-savante category-nouvelles-de-lhistoire entry\"><div class=\"gb-block-post-grid-image\"><a href=\"https:\/\/lyonelkaufmann.ch\/histoire\/2026\/01\/29\/historiciser-notre-epoque-histoires-des-migrations-et-du-climat-dans-lespace-numerique-appel-a-contributions\/\" rel=\"bookmark\" aria-hidden=\"true\" tabindex=\"-1\"><img data-recalc-dims=\"1\" loading=\"lazy\" decoding=\"async\" width=\"1024\" height=\"768\" src=\"https:\/\/i0.wp.com\/lyonelkaufmann.ch\/histoire\/wp-content\/uploads\/2026\/01\/histoire-environnementale-climat.png?resize=1024%2C768&#038;ssl=1\" class=\"attachment-medium-featured size-medium-featured\" alt=\"\" srcset=\"https:\/\/i0.wp.com\/lyonelkaufmann.ch\/histoire\/wp-content\/uploads\/2026\/01\/histoire-environnementale-climat.png?w=1024&amp;ssl=1 1024w, https:\/\/i0.wp.com\/lyonelkaufmann.ch\/histoire\/wp-content\/uploads\/2026\/01\/histoire-environnementale-climat.png?resize=300%2C225&amp;ssl=1 300w, https:\/\/i0.wp.com\/lyonelkaufmann.ch\/histoire\/wp-content\/uploads\/2026\/01\/histoire-environnementale-climat.png?resize=700%2C525&amp;ssl=1 700w, https:\/\/i0.wp.com\/lyonelkaufmann.ch\/histoire\/wp-content\/uploads\/2026\/01\/histoire-environnementale-climat.png?resize=768%2C576&amp;ssl=1 768w, https:\/\/i0.wp.com\/lyonelkaufmann.ch\/histoire\/wp-content\/uploads\/2026\/01\/histoire-environnementale-climat.png?resize=702%2C526&amp;ssl=1 702w\" sizes=\"auto, (max-width: 1000px) 100vw, 1000px\" data-attachment-id=\"20517\" data-permalink=\"https:\/\/lyonelkaufmann.ch\/histoire\/2026\/01\/29\/historiciser-notre-epoque-histoires-des-migrations-et-du-climat-dans-lespace-numerique-appel-a-contributions\/histoire-environnementale-climat\/\" data-orig-file=\"https:\/\/i0.wp.com\/lyonelkaufmann.ch\/histoire\/wp-content\/uploads\/2026\/01\/histoire-environnementale-climat.png?fit=1024%2C768&amp;ssl=1\" data-orig-size=\"1024,768\" data-comments-opened=\"1\" data-image-meta=\"{&quot;aperture&quot;:&quot;0&quot;,&quot;credit&quot;:&quot;&quot;,&quot;camera&quot;:&quot;&quot;,&quot;caption&quot;:&quot;&quot;,&quot;created_timestamp&quot;:&quot;0&quot;,&quot;copyright&quot;:&quot;&quot;,&quot;focal_length&quot;:&quot;0&quot;,&quot;iso&quot;:&quot;0&quot;,&quot;shutter_speed&quot;:&quot;0&quot;,&quot;title&quot;:&quot;&quot;,&quot;orientation&quot;:&quot;0&quot;}\" data-image-title=\"histoire-environnementale-climat\" data-image-description=\"\" data-image-caption=\"\" data-large-file=\"https:\/\/i0.wp.com\/lyonelkaufmann.ch\/histoire\/wp-content\/uploads\/2026\/01\/histoire-environnementale-climat.png?fit=700%2C525&amp;ssl=1\" \/><\/a><\/div><div class=\"gb-block-post-grid-text\"><header class=\"gb-block-post-grid-header\"><h4 class=\"gb-block-post-grid-title\"><a href=\"https:\/\/lyonelkaufmann.ch\/histoire\/2026\/01\/29\/historiciser-notre-epoque-histoires-des-migrations-et-du-climat-dans-lespace-numerique-appel-a-contributions\/\" rel=\"bookmark\">Historiciser notre \u00e9poque : Histoires des migrations et du climat dans l\u2019espace num\u00e9rique [Appel \u00e0 contributions]<\/a><\/h4><div class=\"gb-block-post-grid-byline\"><time datetime=\"2026-01-29T00:32:04+01:00\" class=\"gb-block-post-grid-date\" itemprop=\"datePublished\">29 janvier 2026<\/time><\/div><\/header><div class=\"gb-block-post-grid-excerpt\"><p>Ce projet concerne toute personne int\u00e9ress\u00e9e \u00e0 explorer les liens entre changements environnementaux et mouvements de population au Canada, de 1850 \u00e0 nos jours. Nous recherchons des contributions originales et des recensions en fran\u00e7ais. Nous encourageons fortement les \u00e9tudiant.e.s de ma\u00eetrise et de baccalaur\u00e9at \u00e0 soumettre des textes. Ce projet s\u2019appuie sur une collaboration in\u00e9dite entre trois plateformes d\u2019histoire num\u00e9rique et publique : Active History, Histoire Engag\u00e9e et le NiCHE (Network in Canadian History &amp; Environment). Image illustrative g\u00e9n\u00e9r\u00e9e par l&rsquo;IA WordPress (Prompt : histoire environnementale climat) Les contributions originales peuvent s\u2019inscrire dans un ou plusieurs des axes suivants : Tendances (Patterns) : Analyser la mani\u00e8re dont les facteurs environnementaux et climatiques fa\u00e7onnent les flux migratoires vers et au sein du Canada depuis 1850. Pouvoir (Power) : Examiner l\u2019influence des structures de pouvoir, telles que l\u2019\u00c9tat, le colonialisme de peuplement, le racisme et le genre sur l\u2019intersection entre climat et\u2026<\/p>\n<p><a class=\"gb-block-post-grid-more-link gb-text-link\" href=\"https:\/\/lyonelkaufmann.ch\/histoire\/2026\/01\/29\/historiciser-notre-epoque-histoires-des-migrations-et-du-climat-dans-lespace-numerique-appel-a-contributions\/\" rel=\"bookmark\">Lire la suite\u2026 <span class=\"screen-reader-text\">Historiciser notre \u00e9poque : Histoires des migrations et du climat dans l\u2019espace num\u00e9rique [Appel \u00e0 contributions]<\/span><\/a><\/p><\/div><\/div><\/article>\n<article id=\"post-20507\" class=\"gb-post-grid-item post-20507 post type-post status-publish format-standard has-post-thumbnail category-didactique category-opinionsreflexions entry\"><div class=\"gb-block-post-grid-image\"><a href=\"https:\/\/lyonelkaufmann.ch\/histoire\/2026\/01\/28\/sophie-garcia-montero-transmettre-lhistoire-pour-mieux-apprehender-le-monde\/\" rel=\"bookmark\" aria-hidden=\"true\" tabindex=\"-1\"><img data-recalc-dims=\"1\" loading=\"lazy\" decoding=\"async\" width=\"1024\" height=\"768\" src=\"https:\/\/i0.wp.com\/lyonelkaufmann.ch\/histoire\/wp-content\/uploads\/2026\/01\/boussole-enseignement-histoire.png?resize=1024%2C768&#038;ssl=1\" class=\"attachment-medium-featured size-medium-featured\" alt=\"\" srcset=\"https:\/\/i0.wp.com\/lyonelkaufmann.ch\/histoire\/wp-content\/uploads\/2026\/01\/boussole-enseignement-histoire.png?w=1024&amp;ssl=1 1024w, https:\/\/i0.wp.com\/lyonelkaufmann.ch\/histoire\/wp-content\/uploads\/2026\/01\/boussole-enseignement-histoire.png?resize=300%2C225&amp;ssl=1 300w, https:\/\/i0.wp.com\/lyonelkaufmann.ch\/histoire\/wp-content\/uploads\/2026\/01\/boussole-enseignement-histoire.png?resize=700%2C525&amp;ssl=1 700w, https:\/\/i0.wp.com\/lyonelkaufmann.ch\/histoire\/wp-content\/uploads\/2026\/01\/boussole-enseignement-histoire.png?resize=768%2C576&amp;ssl=1 768w, https:\/\/i0.wp.com\/lyonelkaufmann.ch\/histoire\/wp-content\/uploads\/2026\/01\/boussole-enseignement-histoire.png?resize=702%2C526&amp;ssl=1 702w\" sizes=\"auto, (max-width: 1000px) 100vw, 1000px\" data-attachment-id=\"20513\" data-permalink=\"https:\/\/lyonelkaufmann.ch\/histoire\/2026\/01\/28\/sophie-garcia-montero-transmettre-lhistoire-pour-mieux-apprehender-le-monde\/boussole-enseignement-histoire\/\" data-orig-file=\"https:\/\/i0.wp.com\/lyonelkaufmann.ch\/histoire\/wp-content\/uploads\/2026\/01\/boussole-enseignement-histoire.png?fit=1024%2C768&amp;ssl=1\" data-orig-size=\"1024,768\" data-comments-opened=\"1\" data-image-meta=\"{&quot;aperture&quot;:&quot;0&quot;,&quot;credit&quot;:&quot;&quot;,&quot;camera&quot;:&quot;&quot;,&quot;caption&quot;:&quot;&quot;,&quot;created_timestamp&quot;:&quot;0&quot;,&quot;copyright&quot;:&quot;&quot;,&quot;focal_length&quot;:&quot;0&quot;,&quot;iso&quot;:&quot;0&quot;,&quot;shutter_speed&quot;:&quot;0&quot;,&quot;title&quot;:&quot;&quot;,&quot;orientation&quot;:&quot;0&quot;}\" data-image-title=\"boussole-enseignement-histoire\" data-image-description=\"\" data-image-caption=\"\" data-large-file=\"https:\/\/i0.wp.com\/lyonelkaufmann.ch\/histoire\/wp-content\/uploads\/2026\/01\/boussole-enseignement-histoire.png?fit=700%2C525&amp;ssl=1\" \/><\/a><\/div><div class=\"gb-block-post-grid-text\"><header class=\"gb-block-post-grid-header\"><h4 class=\"gb-block-post-grid-title\"><a href=\"https:\/\/lyonelkaufmann.ch\/histoire\/2026\/01\/28\/sophie-garcia-montero-transmettre-lhistoire-pour-mieux-apprehender-le-monde\/\" rel=\"bookmark\">Sophie Garcia Montero : transmettre l\u2019histoire pour mieux appr\u00e9hender le monde<\/a><\/h4><div class=\"gb-block-post-grid-byline\"><time datetime=\"2026-01-28T10:16:06+01:00\" class=\"gb-block-post-grid-date\" itemprop=\"datePublished\">28 janvier 2026<\/time><\/div><\/header><div class=\"gb-block-post-grid-excerpt\"><p>Dans la s\u00e9rie In\u2026 We Trust (en fran\u00e7ais\u00a0: \u00ab\u00a0Nous croyons en\u201d), Les Grenades vont \u00e0 la rencontre de femmes arriv\u00e9es l\u00e0 o\u00f9 personne ne les attendait. Aujourd\u2019hui, place \u00e0 Sophie Garcia Montero. Professeure d\u2019histoire et assistante en didactique \u00e0 l\u2019Universit\u00e9 de Li\u00e8ge, en classe comme en dehors, elle encourage les jeunes (et les moins jeunes) \u00e0 interroger les r\u00e9cits et \u00e0 exercer leur pens\u00e9e critique. Extraits choisis. La boussole de l&rsquo;enseignement de l&rsquo;histoire (voire extrait 2). Image g\u00e9n\u00e9r\u00e9e par le g\u00e9n\u00e9rateur d&rsquo;image (IA) de WordPress) Extrait 1 : relativement \u00e0 son enseignement de l&rsquo;histoire au secondaire \u00e0 Li\u00e8ge \u00a0\u00bb Ce qui m\u2019int\u00e9resse surtout, c\u2019est de transmettre les outils pour naviguer dans le pass\u00e9, notamment en analysant les sources primaires et leur interpr\u00e9tation. L\u2019histoire peut offrir des cl\u00e9s de lecture pour d\u00e9coder le pr\u00e9sent et j\u2019insiste aupr\u00e8s des \u00e9l\u00e8ves sur leur propre pouvoir d\u2019action sur le monde. Par exemple, on juge,\u2026<\/p>\n<p><a class=\"gb-block-post-grid-more-link gb-text-link\" href=\"https:\/\/lyonelkaufmann.ch\/histoire\/2026\/01\/28\/sophie-garcia-montero-transmettre-lhistoire-pour-mieux-apprehender-le-monde\/\" rel=\"bookmark\">Lire la suite\u2026 <span class=\"screen-reader-text\">Sophie Garcia Montero : transmettre l\u2019histoire pour mieux appr\u00e9hender le monde<\/span><\/a><\/p><\/div><\/div><\/article>\n<article id=\"post-20504\" class=\"gb-post-grid-item post-20504 post type-post status-publish format-standard category-opinionsreflexions entry\"><div class=\"gb-block-post-grid-text\"><header class=\"gb-block-post-grid-header\"><h4 class=\"gb-block-post-grid-title\"><a href=\"https:\/\/lyonelkaufmann.ch\/histoire\/2026\/01\/15\/ce-que-jai-reappris-sur-lenseignement-de-lhistoire-en-high-school-lycee-larry-cuban\/\" rel=\"bookmark\">Ce que j&rsquo;ai r\u00e9appris sur l&rsquo;enseignement de l&rsquo;histoire en High School (lyc\u00e9e) | Larry Cuban<\/a><\/h4><div class=\"gb-block-post-grid-byline\"><time datetime=\"2026-01-15T22:09:33+01:00\" class=\"gb-block-post-grid-date\" itemprop=\"datePublished\">15 janvier 2026<\/time><\/div><\/header><div class=\"gb-block-post-grid-excerpt\"><p>https:\/\/larrycuban.wordpress.com\/2026\/01\/15\/what-i-re-learned-about-teaching-in-high-school\/?page_id=42095 Tout en \u00e9tant professeur d&rsquo;universit\u00e9 \u00e0 Standford, Larry Cuban enseigne \u00e0 cot\u00e9 l&rsquo;histoire en High School. J&rsquo;en retiens notamment la conclusion de cette exp\u00e9rience: Mon exp\u00e9rience avec cette classe m&rsquo;a fait comprendre une chose que j&rsquo;avais apprise pour la premi\u00e8re fois en tant qu&rsquo;enseignant dans les ann\u00e9es 1950 et 1960 : je ne me contentais pas de mener les combats habituels pour amener les \u00e9l\u00e8ves \u00e0 r\u00e9fl\u00e9chir et \u00e0 participer en classe ; je menais \u00e9galement une lutte perdue d&rsquo;avance pour redonner confiance aux \u00e9l\u00e8ves sur le plan intellectuel apr\u00e8s qu&rsquo;ils aient \u00e9t\u00e9 \u00e9tiquet\u00e9s et mis \u00e0 l&rsquo;\u00e9cart plus t\u00f4t dans leur parcours scolaire.<\/p>\n<p><a class=\"gb-block-post-grid-more-link gb-text-link\" href=\"https:\/\/lyonelkaufmann.ch\/histoire\/2026\/01\/15\/ce-que-jai-reappris-sur-lenseignement-de-lhistoire-en-high-school-lycee-larry-cuban\/\" rel=\"bookmark\">Lire la suite\u2026 <span class=\"screen-reader-text\">Ce que j&rsquo;ai r\u00e9appris sur l&rsquo;enseignement de l&rsquo;histoire en High School (lyc\u00e9e) | Larry Cuban<\/span><\/a><\/p><\/div><\/div><\/article>\n<\/div><\/section>","protected":false},"excerpt":{"rendered":"","protected":false},"author":1,"featured_media":0,"parent":0,"menu_order":0,"comment_status":"closed","ping_status":"closed","template":"","meta":{"_import_markdown_pro_load_document_selector":0,"_import_markdown_pro_submit_text_textarea":"","_genesis_hide_title":true,"_genesis_hide_breadcrumbs":true,"_genesis_hide_singular_image":true,"_genesis_hide_footer_widgets":false,"_genesis_custom_body_class":"","_genesis_custom_post_class":"","_genesis_layout":"content-sidebar","jetpack_post_was_ever_published":false,"footnotes":""},"class_list":{"0":"post-19624","1":"page","2":"type-page","3":"status-publish","5":"entry"},"featured_image_src":null,"featured_image_src_square":null,"jetpack_sharing_enabled":true,"jetpack_shortlink":"https:\/\/wp.me\/P1rJVM-56w","jetpack_likes_enabled":true,"jetpack-related-posts":[{"id":19300,"url":"https:\/\/lyonelkaufmann.ch\/histoire\/accueil\/","url_meta":{"origin":19624,"position":0},"title":"A propos","author":"Lyonel Kaufmann","date":"29 novembre 2022","format":false,"excerpt":"Photo by Photography Maghradze PH on Pexels.com Je m'appelle Lyonel Kaufmann et je suis actuellement professeur \u00e0 la HEP-VD \u00e0 Lausanne en Suisse. J'y suis en charge, avec d'autres coll\u00e8gues, de la Didactique de l'histoire. En premier lieu, ce site est destin\u00e9 \u00e0 mes \u00e9tudiant-e-s et ensuite \u00e0 toute personne\u2026","rel":"","context":"Article similaire","block_context":{"text":"Article similaire","link":""},"img":{"alt_text":"","src":"","width":0,"height":0},"classes":[]},{"id":13321,"url":"https:\/\/lyonelkaufmann.ch\/histoire\/mes-cours\/mssh35-2-ludovia-ch\/","url_meta":{"origin":19624,"position":1},"title":"MSSH35\u20132 &#8211; Nom de code : Ludovia.ch","author":"Lyonel Kaufmann","date":"21 septembre 2017","format":false,"excerpt":"Pr\u00e9sentation du module Du 27 au 29 mars 2018, la HEP Vaud organisera, avec une commune vaudoise et d\u2019autres partenaires, la premi\u00e8re universit\u00e9 de printemps consacr\u00e9e dans le canton de Vaud et en Suisse romande au num\u00e9rique, aux nouveaux m\u00e9dias et \u00e0 leur impact dans l\u2019enseignement. Elle r\u00e9unira les actrices\u2026","rel":"","context":"Article similaire","block_context":{"text":"Article similaire","link":""},"img":{"alt_text":"","src":"","width":0,"height":0},"classes":[]},{"id":61,"url":"https:\/\/lyonelkaufmann.ch\/histoire\/film-histoire\/bibliographie\/","url_meta":{"origin":19624,"position":2},"title":"Bibliographie cin\u00e9ma","author":"Lyonel Kaufmann","date":"11 avril 2006","format":false,"excerpt":"On consultera avec bonheur les dossiers et les fiches consacr\u00e9es aux rapports du Cin\u00e9ma et de l'Histoire et r\u00e9alis\u00e9es par le cin\u00e9-club de Caen. Vraiment incontournable. La consultation de l'index th\u00e9matique de Cin\u00e9ma et histoire de calindex.eu - le site des index de revues de cin\u00e9ma (45764 films, 44662 acteurs,\u2026","rel":"","context":"Article similaire","block_context":{"text":"Article similaire","link":""},"img":{"alt_text":"","src":"","width":0,"height":0},"classes":[]},{"id":66,"url":"https:\/\/lyonelkaufmann.ch\/histoire\/medias-technologies\/activites-web\/","url_meta":{"origin":19624,"position":3},"title":"Web : Divers","author":"Lyonel Kaufmann","date":"14 avril 2006","format":false,"excerpt":"Sommaire: - Les Hi\u00e9roglyphes - Les Ch\u00e2teaux - 14-18 : La Couleur des larmes - Les \"Grandes D\u00e9couvertes\" - M\u00e9moire juive et \u00e9ducation Les Hi\u00e9roglyphes Faire \u00e9crire le nom des \u00e9l\u00e8ves en hi\u00e9roglyphes en classe. Proc\u00e9der \u00e0 la v\u00e9rification on-line. Est-ce que le r\u00e9sultat sera identique sur les diff\u00e9rents sites?\u2026","rel":"","context":"Article similaire","block_context":{"text":"Article similaire","link":""},"img":{"alt_text":"","src":"","width":0,"height":0},"classes":[]},{"id":133,"url":"https:\/\/lyonelkaufmann.ch\/histoire\/transposer-planifier-evaluer\/travaux-de-groupe-check-list\/","url_meta":{"origin":19624,"position":4},"title":"Travaux de groupe : Check list","author":"Lyonel Kaufmann","date":"22 octobre 2006","format":false,"excerpt":"Voici une check-list ainsi qu\u2019une s\u00e9rie de pistes de travail issue du livre de Michel Barlow (Travail en groupe des \u00e9l\u00e8ves, Armand Colin, 1993) pour aider \u00e0 l\u2019organisation, la planification, l\u2019\u00e9valuation et la mise en commun d\u2019un travail de groupe. 1. Les sujets : qui choisit les sujets et comment\u2026","rel":"","context":"Article similaire","block_context":{"text":"Article similaire","link":""},"img":{"alt_text":"","src":"","width":0,"height":0},"classes":[]},{"id":358,"url":"https:\/\/lyonelkaufmann.ch\/histoire\/mes-cours\/mshis31-didactique-de-lhistoire\/","url_meta":{"origin":19624,"position":5},"title":"MSHIS31 &#8211; Didactique de l&rsquo;histoire I","author":"Lyonel Kaufmann","date":"7 septembre 2008","format":false,"excerpt":"S\u00e9minaire S1 - ann\u00e9e 2018-2019 Pour les conditions cadres et les \u00e9l\u00e9ments du cours 2017, je vous laisse le soin de consulter la plate forme eleaning (Moodle) de la HEP Vaud :\u00a0http:\/\/elearning.hepl.ch\/course\/view.php?id=75 La grille d'\u00e9valuation :\u00a0Evaluation MSHIS 31 2017 Liste des s\u00e9ances et th\u00e9matiques abord\u00e9es en s\u00e9minaire S1: 2.10.2018 :\u2026","rel":"","context":"Article similaire","block_context":{"text":"Article similaire","link":""},"img":{"alt_text":"cours_tenochtitlan","src":"https:\/\/i0.wp.com\/lyonelkaufmann.ch\/histoire\/wp-content\/uploads\/2008\/09\/Cours_Tenochtitlan-700x307.png?resize=350%2C200&ssl=1","width":350,"height":200,"srcset":"https:\/\/i0.wp.com\/lyonelkaufmann.ch\/histoire\/wp-content\/uploads\/2008\/09\/Cours_Tenochtitlan-700x307.png?resize=350%2C200&ssl=1 1x, https:\/\/i0.wp.com\/lyonelkaufmann.ch\/histoire\/wp-content\/uploads\/2008\/09\/Cours_Tenochtitlan-700x307.png?resize=525%2C300&ssl=1 1.5x, https:\/\/i0.wp.com\/lyonelkaufmann.ch\/histoire\/wp-content\/uploads\/2008\/09\/Cours_Tenochtitlan-700x307.png?resize=700%2C400&ssl=1 2x"},"classes":[]}],"_links":{"self":[{"href":"https:\/\/lyonelkaufmann.ch\/histoire\/wp-json\/wp\/v2\/pages\/19624","targetHints":{"allow":["GET"]}}],"collection":[{"href":"https:\/\/lyonelkaufmann.ch\/histoire\/wp-json\/wp\/v2\/pages"}],"about":[{"href":"https:\/\/lyonelkaufmann.ch\/histoire\/wp-json\/wp\/v2\/types\/page"}],"author":[{"embeddable":true,"href":"https:\/\/lyonelkaufmann.ch\/histoire\/wp-json\/wp\/v2\/users\/1"}],"replies":[{"embeddable":true,"href":"https:\/\/lyonelkaufmann.ch\/histoire\/wp-json\/wp\/v2\/comments?post=19624"}],"version-history":[{"count":0,"href":"https:\/\/lyonelkaufmann.ch\/histoire\/wp-json\/wp\/v2\/pages\/19624\/revisions"}],"wp:attachment":[{"href":"https:\/\/lyonelkaufmann.ch\/histoire\/wp-json\/wp\/v2\/media?parent=19624"}],"curies":[{"name":"wp","href":"https:\/\/api.w.org\/{rel}","templated":true}]}}